{"id":22259,"date":"2019-11-02T19:02:41","date_gmt":"2019-11-02T18:02:41","guid":{"rendered":"http:\/\/daniel-verovic.com\/wp-content\/uploads\/2019\/11\/Titel_Kindheitserinnerungen_Gro\u00dfvater_Opa_Gro\u00dfmutter_Oma_Tod_Abschied_Daniel_Verovic_Studio_1.jpg"},"modified":"2019-11-02T19:02:41","modified_gmt":"2019-11-02T18:02:41","slug":"titel_kindheitserinnerungen_grossvater_opa_grossmutter_oma_tod_abschied_daniel_verovic_studio_1-2","status":"inherit","type":"attachment","link":"https:\/\/daniel-verovic.com\/en\/?attachment_id=22259","title":{"rendered":"Titel_Kindheitserinnerungen_Gro\u00dfvater_Opa_Gro\u00dfmutter_Oma_Tod_Abschied_Daniel_Verovic_Studio_1"},"author":6,"featured_media":0,"comment_status":"open","ping_status":"closed","template":"","meta":[],"class_list":["post-22259","attachment","type-attachment","status-inherit","hentry"],"yoast_head":"<!-- This site is optimized with the Yoast SEO plugin v27.5 - https:\/\/yoast.com\/product\/yoast-seo-wordpress\/ -->\n<title>Titel_Kindheitserinnerungen_Gro\u00dfvater_Opa_Gro\u00dfmutter_Oma_Tod_Abschied_Daniel_Verovic_Studio_1 - Daniel Verovic Illustration &amp; Design<\/title>\n<meta name=\"robots\" content=\"index, follow, max-snippet:-1, max-image-preview:large, max-video-preview:-1\" \/>\n<link rel=\"canonical\" href=\"http:\/\/daniel-verovic.com\/wp-content\/uploads\/2019\/11\/Titel_Kindheitserinnerungen_Gro\u00dfvater_Opa_Gro\u00dfmutter_Oma_Tod_Abschied_Daniel_Verovic_Studio_1.jpg\" \/>\n<meta property=\"og:locale\" content=\"en_US\" \/>\n<meta property=\"og:type\" content=\"article\" \/>\n<meta property=\"og:title\" content=\"Titel_Kindheitserinnerungen_Gro\u00dfvater_Opa_Gro\u00dfmutter_Oma_Tod_Abschied_Daniel_Verovic_Studio_1 - Daniel Verovic Illustration &amp; Design\" \/>\n<meta property=\"og:url\" content=\"http:\/\/daniel-verovic.com\/wp-content\/uploads\/2019\/11\/Titel_Kindheitserinnerungen_Gro\u00dfvater_Opa_Gro\u00dfmutter_Oma_Tod_Abschied_Daniel_Verovic_Studio_1.jpg\" \/>\n<meta property=\"og:site_name\" content=\"Daniel Verovic Illustration &amp; Design\" \/>\n<meta property=\"article:publisher\" content=\"https:\/\/www.facebook.com\/DanielVerovic\/\" \/>\n<meta property=\"og:image\" content=\"http:\/\/daniel-verovic.com\/wp-content\/uploads\/2019\/11\/Titel_Kindheitserinnerungen_Gro\u00dfvater_Opa_Gro\u00dfmutter_Oma_Tod_Abschied_Daniel_Verovic_Studio_1.jpg\" \/>\n\t<meta property=\"og:image:width\" content=\"611\" \/>\n\t<meta property=\"og:image:height\" content=\"962\" \/>\n\t<meta property=\"og:image:type\" content=\"image\/jpeg\" \/>\n<meta name=\"twitter:card\" content=\"summary_large_image\" \/>\n<meta name=\"twitter:site\" content=\"@Danielverovic\" \/>\n<script type=\"application\/ld+json\" class=\"yoast-schema-graph\">{\"@context\":\"https:\\\/\\\/schema.org\",\"@graph\":[{\"@type\":\"WebPage\",\"@id\":\"http:\\\/\\\/daniel-verovic.com\\\/wp-content\\\/uploads\\\/2019\\\/11\\\/Titel_Kindheitserinnerungen_Gro\u00dfvater_Opa_Gro\u00dfmutter_Oma_Tod_Abschied_Daniel_Verovic_Studio_1.jpg\",\"url\":\"http:\\\/\\\/daniel-verovic.com\\\/wp-content\\\/uploads\\\/2019\\\/11\\\/Titel_Kindheitserinnerungen_Gro\u00dfvater_Opa_Gro\u00dfmutter_Oma_Tod_Abschied_Daniel_Verovic_Studio_1.jpg\",\"name\":\"Titel_Kindheitserinnerungen_Gro\u00dfvater_Opa_Gro\u00dfmutter_Oma_Tod_Abschied_Daniel_Verovic_Studio_1 - Daniel Verovic Illustration &amp; Design\",\"isPartOf\":{\"@id\":\"https:\\\/\\\/daniel-verovic.com\\\/#website\"},\"datePublished\":\"2019-11-02T18:02:41+00:00\",\"breadcrumb\":{\"@id\":\"http:\\\/\\\/daniel-verovic.com\\\/wp-content\\\/uploads\\\/2019\\\/11\\\/Titel_Kindheitserinnerungen_Gro\u00dfvater_Opa_Gro\u00dfmutter_Oma_Tod_Abschied_Daniel_Verovic_Studio_1.jpg#breadcrumb\"},\"inLanguage\":\"en-US\",\"potentialAction\":[{\"@type\":\"ReadAction\",\"target\":[\"http:\\\/\\\/daniel-verovic.com\\\/wp-content\\\/uploads\\\/2019\\\/11\\\/Titel_Kindheitserinnerungen_Gro\u00dfvater_Opa_Gro\u00dfmutter_Oma_Tod_Abschied_Daniel_Verovic_Studio_1.jpg\"]}]},{\"@type\":\"BreadcrumbList\",\"@id\":\"http:\\\/\\\/daniel-verovic.com\\\/wp-content\\\/uploads\\\/2019\\\/11\\\/Titel_Kindheitserinnerungen_Gro\u00dfvater_Opa_Gro\u00dfmutter_Oma_Tod_Abschied_Daniel_Verovic_Studio_1.jpg#breadcrumb\",\"itemListElement\":[{\"@type\":\"ListItem\",\"position\":1,\"name\":\"Startseite\",\"item\":\"https:\\\/\\\/daniel-verovic.com\\\/en\\\/\"},{\"@type\":\"ListItem\",\"position\":2,\"name\":\"Titel_Kindheitserinnerungen_Gro\u00dfvater_Opa_Gro\u00dfmutter_Oma_Tod_Abschied_Daniel_Verovic_Studio_1\"}]},{\"@type\":\"WebSite\",\"@id\":\"https:\\\/\\\/daniel-verovic.com\\\/#website\",\"url\":\"https:\\\/\\\/daniel-verovic.com\\\/\",\"name\":\"Daniel Verovic Illustration &amp; Design\",\"description\":\"Illustrationen von Daniel Verovic\",\"potentialAction\":[{\"@type\":\"SearchAction\",\"target\":{\"@type\":\"EntryPoint\",\"urlTemplate\":\"https:\\\/\\\/daniel-verovic.com\\\/?s={search_term_string}\"},\"query-input\":{\"@type\":\"PropertyValueSpecification\",\"valueRequired\":true,\"valueName\":\"search_term_string\"}}],\"inLanguage\":\"en-US\"}]}<\/script>\n<!-- \/ Yoast SEO plugin. -->","yoast_head_json":{"title":"Titel_Kindheitserinnerungen_Gro\u00dfvater_Opa_Gro\u00dfmutter_Oma_Tod_Abschied_Daniel_Verovic_Studio_1 - Daniel Verovic Illustration &amp; Design","robots":{"index":"index","follow":"follow","max-snippet":"max-snippet:-1","max-image-preview":"max-image-preview:large","max-video-preview":"max-video-preview:-1"},"canonical":"http:\/\/daniel-verovic.com\/wp-content\/uploads\/2019\/11\/Titel_Kindheitserinnerungen_Gro\u00dfvater_Opa_Gro\u00dfmutter_Oma_Tod_Abschied_Daniel_Verovic_Studio_1.jpg","og_locale":"en_US","og_type":"article","og_title":"Titel_Kindheitserinnerungen_Gro\u00dfvater_Opa_Gro\u00dfmutter_Oma_Tod_Abschied_Daniel_Verovic_Studio_1 - Daniel Verovic Illustration &amp; Design","og_url":"http:\/\/daniel-verovic.com\/wp-content\/uploads\/2019\/11\/Titel_Kindheitserinnerungen_Gro\u00dfvater_Opa_Gro\u00dfmutter_Oma_Tod_Abschied_Daniel_Verovic_Studio_1.jpg","og_site_name":"Daniel Verovic Illustration &amp; Design","article_publisher":"https:\/\/www.facebook.com\/DanielVerovic\/","og_image":[{"width":611,"height":962,"url":"http:\/\/daniel-verovic.com\/wp-content\/uploads\/2019\/11\/Titel_Kindheitserinnerungen_Gro\u00dfvater_Opa_Gro\u00dfmutter_Oma_Tod_Abschied_Daniel_Verovic_Studio_1.jpg","type":"image\/jpeg"}],"twitter_card":"summary_large_image","twitter_site":"@Danielverovic","schema":{"@context":"https:\/\/schema.org","@graph":[{"@type":"WebPage","@id":"http:\/\/daniel-verovic.com\/wp-content\/uploads\/2019\/11\/Titel_Kindheitserinnerungen_Gro\u00dfvater_Opa_Gro\u00dfmutter_Oma_Tod_Abschied_Daniel_Verovic_Studio_1.jpg","url":"http:\/\/daniel-verovic.com\/wp-content\/uploads\/2019\/11\/Titel_Kindheitserinnerungen_Gro\u00dfvater_Opa_Gro\u00dfmutter_Oma_Tod_Abschied_Daniel_Verovic_Studio_1.jpg","name":"Titel_Kindheitserinnerungen_Gro\u00dfvater_Opa_Gro\u00dfmutter_Oma_Tod_Abschied_Daniel_Verovic_Studio_1 - Daniel Verovic Illustration &amp; Design","isPartOf":{"@id":"https:\/\/daniel-verovic.com\/#website"},"datePublished":"2019-11-02T18:02:41+00:00","breadcrumb":{"@id":"http:\/\/daniel-verovic.com\/wp-content\/uploads\/2019\/11\/Titel_Kindheitserinnerungen_Gro\u00dfvater_Opa_Gro\u00dfmutter_Oma_Tod_Abschied_Daniel_Verovic_Studio_1.jpg#breadcrumb"},"inLanguage":"en-US","potentialAction":[{"@type":"ReadAction","target":["http:\/\/daniel-verovic.com\/wp-content\/uploads\/2019\/11\/Titel_Kindheitserinnerungen_Gro\u00dfvater_Opa_Gro\u00dfmutter_Oma_Tod_Abschied_Daniel_Verovic_Studio_1.jpg"]}]},{"@type":"BreadcrumbList","@id":"http:\/\/daniel-verovic.com\/wp-content\/uploads\/2019\/11\/Titel_Kindheitserinnerungen_Gro\u00dfvater_Opa_Gro\u00dfmutter_Oma_Tod_Abschied_Daniel_Verovic_Studio_1.jpg#breadcrumb","itemListElement":[{"@type":"ListItem","position":1,"name":"Startseite","item":"https:\/\/daniel-verovic.com\/en\/"},{"@type":"ListItem","position":2,"name":"Titel_Kindheitserinnerungen_Gro\u00dfvater_Opa_Gro\u00dfmutter_Oma_Tod_Abschied_Daniel_Verovic_Studio_1"}]},{"@type":"WebSite","@id":"https:\/\/daniel-verovic.com\/#website","url":"https:\/\/daniel-verovic.com\/","name":"Daniel Verovic Illustration &amp; Design","description":"Illustrationen von Daniel Verovic","potentialAction":[{"@type":"SearchAction","target":{"@type":"EntryPoint","urlTemplate":"https:\/\/daniel-verovic.com\/?s={search_term_string}"},"query-input":{"@type":"PropertyValueSpecification","valueRequired":true,"valueName":"search_term_string"}}],"inLanguage":"en-US"}]}},"description":{"rendered":"<p class=\"attachment\"><a href='https:\/\/daniel-verovic.com\/wp-content\/uploads\/2019\/11\/Titel_Kindheitserinnerungen_Gro\u00dfvater_Opa_Gro\u00dfmutter_Oma_Tod_Abschied_Daniel_Verovic_Studio_1.jpg'><img fetchpriority=\"high\" decoding=\"async\" width=\"191\" height=\"300\" src=\"https:\/\/daniel-verovic.com\/wp-content\/uploads\/2019\/11\/Titel_Kindheitserinnerungen_Gro\u00dfvater_Opa_Gro\u00dfmutter_Oma_Tod_Abschied_Daniel_Verovic_Studio_1-191x300.jpg\" class=\"attachment-medium size-medium\" alt=\"\" srcset=\"https:\/\/daniel-verovic.com\/wp-content\/uploads\/2019\/11\/Titel_Kindheitserinnerungen_Gro\u00dfvater_Opa_Gro\u00dfmutter_Oma_Tod_Abschied_Daniel_Verovic_Studio_1-191x300.jpg 191w, https:\/\/daniel-verovic.com\/wp-content\/uploads\/2019\/11\/Titel_Kindheitserinnerungen_Gro\u00dfvater_Opa_Gro\u00dfmutter_Oma_Tod_Abschied_Daniel_Verovic_Studio_1-300x472.jpg 300w, https:\/\/daniel-verovic.com\/wp-content\/uploads\/2019\/11\/Titel_Kindheitserinnerungen_Gro\u00dfvater_Opa_Gro\u00dfmutter_Oma_Tod_Abschied_Daniel_Verovic_Studio_1-600x945.jpg 600w, https:\/\/daniel-verovic.com\/wp-content\/uploads\/2019\/11\/Titel_Kindheitserinnerungen_Gro\u00dfvater_Opa_Gro\u00dfmutter_Oma_Tod_Abschied_Daniel_Verovic_Studio_1.jpg 611w\" sizes=\"(max-width: 191px) 100vw, 191px\" \/><\/a><\/p>\n"},"caption":{"rendered":""},"alt_text":"","media_type":"image","mime_type":"image\/jpeg","media_details":{"width":611,"height":962,"file":"2019\/11\/Titel_Kindheitserinnerungen_Gro\u00dfvater_Opa_Gro\u00dfmutter_Oma_Tod_Abschied_Daniel_Verovic_Studio_1.jpg","filesize":263513,"sizes":{"woocommerce_gallery_thumbnail":{"file":"Titel_Kindheitserinnerungen_Gro\u00dfvater_Opa_Gro\u00dfmutter_Oma_Tod_Abschied_Daniel_Verovic_Studio_1-100x100.jpg","width":100,"height":100,"filesize":2897,"mime_type":"image\/jpeg","source_url":"https:\/\/daniel-verovic.com\/wp-content\/uploads\/2019\/11\/Titel_Kindheitserinnerungen_Gro\u00dfvater_Opa_Gro\u00dfmutter_Oma_Tod_Abschied_Daniel_Verovic_Studio_1-100x100.jpg"},"woocommerce_thumbnail":{"file":"Titel_Kindheitserinnerungen_Gro\u00dfvater_Opa_Gro\u00dfmutter_Oma_Tod_Abschied_Daniel_Verovic_Studio_1-300x472.jpg","width":300,"height":472,"filesize":25409,"uncropped":true,"mime_type":"image\/jpeg","source_url":"https:\/\/daniel-verovic.com\/wp-content\/uploads\/2019\/11\/Titel_Kindheitserinnerungen_Gro\u00dfvater_Opa_Gro\u00dfmutter_Oma_Tod_Abschied_Daniel_Verovic_Studio_1-300x472.jpg"},"woocommerce_single":{"file":"Titel_Kindheitserinnerungen_Gro\u00dfvater_Opa_Gro\u00dfmutter_Oma_Tod_Abschied_Daniel_Verovic_Studio_1-600x945.jpg","width":600,"height":945,"filesize":89506,"mime_type":"image\/jpeg","source_url":"https:\/\/daniel-verovic.com\/wp-content\/uploads\/2019\/11\/Titel_Kindheitserinnerungen_Gro\u00dfvater_Opa_Gro\u00dfmutter_Oma_Tod_Abschied_Daniel_Verovic_Studio_1.jpg"},"medium":{"file":"Titel_Kindheitserinnerungen_Gro\u00dfvater_Opa_Gro\u00dfmutter_Oma_Tod_Abschied_Daniel_Verovic_Studio_1-191x300.jpg","width":191,"height":300,"mime_type":"image\/jpeg","source_url":"https:\/\/daniel-verovic.com\/wp-content\/uploads\/2019\/11\/Titel_Kindheitserinnerungen_Gro\u00dfvater_Opa_Gro\u00dfmutter_Oma_Tod_Abschied_Daniel_Verovic_Studio_1-191x300.jpg"},"thumbnail":{"file":"Titel_Kindheitserinnerungen_Gro\u00dfvater_Opa_Gro\u00dfmutter_Oma_Tod_Abschied_Daniel_Verovic_Studio_1-600x600.jpg","width":600,"height":600,"mime_type":"image\/jpeg","source_url":"https:\/\/daniel-verovic.com\/wp-content\/uploads\/2019\/11\/Titel_Kindheitserinnerungen_Gro\u00dfvater_Opa_Gro\u00dfmutter_Oma_Tod_Abschied_Daniel_Verovic_Studio_1-600x600.jpg"},"full":{"file":"Titel_Kindheitserinnerungen_Gro\u00dfvater_Opa_Gro\u00dfmutter_Oma_Tod_Abschied_Daniel_Verovic_Studio_1.jpg","width":611,"height":962,"mime_type":"image\/jpeg","source_url":"https:\/\/daniel-verovic.com\/wp-content\/uploads\/2019\/11\/Titel_Kindheitserinnerungen_Gro\u00dfvater_Opa_Gro\u00dfmutter_Oma_Tod_Abschied_Daniel_Verovic_Studio_1.jpg"}},"image_meta":{"aperture":"0","credit":"","camera":"","caption":"","created_timestamp":"0","copyright":"","focal_length":"0","iso":"0","shutter_speed":"0","title":"","orientation":"0","keywords":[]}},"post":22253,"source_url":"https:\/\/daniel-verovic.com\/wp-content\/uploads\/2019\/11\/Titel_Kindheitserinnerungen_Gro\u00dfvater_Opa_Gro\u00dfmutter_Oma_Tod_Abschied_Daniel_Verovic_Studio_1.jpg","_links":{"self":[{"href":"https:\/\/daniel-verovic.com\/en\/wp-json\/wp\/v2\/media\/22259","targetHints":{"allow":["GET"]}}],"collection":[{"href":"https:\/\/daniel-verovic.com\/en\/wp-json\/wp\/v2\/media"}],"about":[{"href":"https:\/\/daniel-verovic.com\/en\/wp-json\/wp\/v2\/types\/attachment"}],"author":[{"embeddable":true,"href":"https:\/\/daniel-verovic.com\/en\/wp-json\/wp\/v2\/users\/6"}],"replies":[{"embeddable":true,"href":"https:\/\/daniel-verovic.com\/en\/wp-json\/wp\/v2\/comments?post=22259"}]}}